{"id":17922,"date":"2020-09-14T12:55:36","date_gmt":"2020-09-14T12:55:36","guid":{"rendered":"http:\/\/www.aadip.org.ar\/web\/?page_id=17922"},"modified":"2020-09-14T23:01:53","modified_gmt":"2020-09-14T23:01:53","slug":"nuestras-actividades","status":"publish","type":"page","link":"http:\/\/www.aadip.org.ar\/web\/nuestras-actividades\/","title":{"rendered":"ACTIVIDADES YP"},"content":{"rendered":"<p>[vc_row row_type=\u00bbrow\u00bb use_row_as_full_screen_section=\u00bbno\u00bb type=\u00bbfull_width\u00bb angled_section=\u00bbno\u00bb text_align=\u00bbleft\u00bb background_image_as_pattern=\u00bbwithout_pattern\u00bb css_animation=\u00bb\u00bb][vc_column][vc_column_text]La comisi\u00f3n YP PIANC AR tiene dentro de sus objetivos organizar anualmente una actividad exclusiva de j\u00f3venes profesionales en la regi\u00f3n Centro y otra de alcance local en el Litoral Mar\u00edtimo o Fluvial argentino. C\u00f3mo as\u00ed tambi\u00e9n impulsa la organizaci\u00f3n bianual del seminario Regional para Am\u00e9rica, coordinadamente con YP-Com.<\/p>\n<p>Los miembros de J\u00f3venes Profesionales de Argentina participan activamente en diferentes cursos y seminarios organizados por PIANC, tanto en el territorio nacional como en el extranjero. Siempre contando con el apoyo econ\u00f3mico parcial o total de la Asociaci\u00f3n Argentina de Ingenieros Portuarios (AADIP) \/ Secci\u00f3n Nacional de PIANC.<\/p>\n<p>[\/vc_column_text][\/vc_column][\/vc_row][vc_row row_type=\u00bbrow\u00bb use_row_as_full_screen_section=\u00bbno\u00bb type=\u00bbfull_width\u00bb angled_section=\u00bbno\u00bb text_align=\u00bbleft\u00bb background_image_as_pattern=\u00bbwithout_pattern\u00bb css_animation=\u00bb\u00bb][vc_column][vc_column_text]<style type=\"text\/css\" scoped>.rbs_gallery_69f1ca1157aedSpinner{\r\n\t\t\t\tmargin: 50px auto;\r\n\t\t\t\twidth: 50px;\r\n\t\t\t\theight: 40px;\r\n\t\t\t\ttext-align: center;\r\n\t\t\t\tfont-size: 10px;\r\n\t\t\t}\r\n\t\t\t.rbs_gallery_69f1ca1157aedSpinner > div{\r\n\t\t\t  background-color: #333;\r\n\t\t\t  height: 100%;\r\n\t\t\t  width: 6px;\r\n\t\t\t  display: inline-block;\r\n\t\t\t  -webkit-animation: rbs_gallery_69f1ca1157aed-stretchdelay 1.2s infinite ease-in-out;\r\n\t\t\t  animation: rbs_gallery_69f1ca1157aed-stretchdelay 1.2s infinite ease-in-out;\r\n\t\t\t}\r\n\t\t\t.rbs_gallery_69f1ca1157aedSpinner .rbs_gallery_69f1ca1157aedRect2 {\r\n\t\t\t  -webkit-animation-delay: -1.1s;\r\n\t\t\t  animation-delay: -1.1s;\r\n\t\t\t}\r\n\t\t\t.rbs_gallery_69f1ca1157aedSpinner .rbs_gallery_69f1ca1157aedRect3 {\r\n\t\t\t  -webkit-animation-delay: -1.0s;\r\n\t\t\t  animation-delay: -1.0s;\r\n\t\t\t}\r\n\t\t\t.rbs_gallery_69f1ca1157aedSpinner .rbs_gallery_69f1ca1157aedRect4 {\r\n\t\t\t  -webkit-animation-delay: -0.9s;\r\n\t\t\t  animation-delay: -0.9s;\r\n\t\t\t}\r\n\t\t\t.rbs_gallery_69f1ca1157aedSpinner .rbs_gallery_69f1ca1157aedRect5 {\r\n\t\t\t  -webkit-animation-delay: -0.8s;\r\n\t\t\t  animation-delay: -0.8s;\r\n\t\t\t}\r\n\t\t\t@-webkit-keyframes rbs_gallery_69f1ca1157aed-stretchdelay {\r\n\t\t\t  0%, 40%, 100% { -webkit-transform: scaleY(0.4) }  \r\n\t\t\t  20% { -webkit-transform: scaleY(1.0) }\r\n\t\t\t}\r\n\t\t\t@keyframes rbs_gallery_69f1ca1157aed-stretchdelay {\r\n\t\t\t  0%, 40%, 100% { \r\n\t\t\t    transform: scaleY(0.4);\r\n\t\t\t    -webkit-transform: scaleY(0.4);\r\n\t\t\t  }  20% { \r\n\t\t\t    transform: scaleY(1.0);\r\n\t\t\t    -webkit-transform: scaleY(1.0);\r\n\t\t\t  }\r\n\t\t\t}\r\n\t\t<\/style><div class=\"robo-gallery-wrap robo-gallery-wrap-id17950 robo-gallery-\" ><div id=\"rbs_gallery_69f1ca1157aed-block-loader\" class=\"rbs_gallery_69f1ca1157aedSpinner\"><div class=\"rbs_gallery_69f1ca1157aedRect1\"><\/div> <div class=\"rbs_gallery_69f1ca1157aedRect2\"><\/div> <div class=\"rbs_gallery_69f1ca1157aedRect3\"><\/div> <div class=\"rbs_gallery_69f1ca1157aedRect4\"><\/div> <div class=\"rbs_gallery_69f1ca1157aedRect5\"><\/div><\/div><div class=\"rbs_gallery_button  rbs_gallery_align_center\" id=\"rbs_gallery_69f1ca1157aedfilter\" style=\" display: none;\" ><a class=\"button button-flat-primary  \" href=\"#\" data-filter=\"*\">All<\/a><a class=\"button button-flat-primary  \" href=\"#\" data-filter=\".category17950\">Actividades YP<\/a><\/div><div id=\"robo_gallery_main_block_rbs_gallery_69f1ca1157aed\" class=\"robogallery-gallery-17950\" style=\"width:100%;  display: none;\"><div id=\"rbs_gallery_69f1ca1157aed\" data-options=\"rbs_gallery_69f1ca1157aed\" style=\"width:100%;\" class=\"robo_gallery  \"><div class=\"rbs-img  category17950 \" ><div class=\"rbs-img-image   rbs-lightbox \" ><div class=\"rbs-img-thumbs\"  data-thumbnail=\"http:\/\/www.aadip.org.ar\/web\/wp-content\/uploads\/2020\/09\/1.jpg\"  title=\"1\u00b0 Reuni\u00f3n YP-Com del R\u00edo de la Plata (Montevideo, 2015) 14 JJPP de Argentina y Uruguay fueron patrocinados\"  data-width=\"945\"  data-height=\"531\" ><\/div><div class=\"rbs-img-data-popup\"  data-popup=\"http:\/\/www.aadip.org.ar\/web\/wp-content\/uploads\/2020\/09\/1.jpg\"  title=\"1\u00b0 Reuni\u00f3n YP-Com del R\u00edo de la Plata (Montevideo, 2015) 14 JJPP de Argentina y Uruguay fueron patrocinados\" ><\/div><div class=\"thumbnail-overlay\"><div class=\"rbsTitle \">1\u00b0 Reuni\u00f3n YP-Com del R\u00edo de la Plata (Montevideo, 2015) 14 JJPP de Argentina y Uruguay fueron patrocinados<\/div><\/div><\/div><\/div><div class=\"rbs-img  category17950 \" ><div class=\"rbs-img-image   rbs-lightbox \" ><div class=\"rbs-img-thumbs\"  data-thumbnail=\"http:\/\/www.aadip.org.ar\/web\/wp-content\/uploads\/2020\/09\/2.jpg\"  title=\"1\u00b0 Reuni\u00f3n YP-Com del R\u00edo de la Plata (Montevideo, 2015)\"  data-width=\"945\"  data-height=\"531\" ><\/div><div class=\"rbs-img-data-popup\"  data-popup=\"http:\/\/www.aadip.org.ar\/web\/wp-content\/uploads\/2020\/09\/2.jpg\"  title=\"1\u00b0 Reuni\u00f3n YP-Com del R\u00edo de la Plata (Montevideo, 2015)\" ><\/div><div class=\"thumbnail-overlay\"><div class=\"rbsTitle \">1\u00b0 Reuni\u00f3n YP-Com del R\u00edo de la Plata (Montevideo, 2015)<\/div><\/div><\/div><\/div><div class=\"rbs-img  category17950 \" ><div class=\"rbs-img-image   rbs-lightbox \" ><div class=\"rbs-img-thumbs\"  data-thumbnail=\"http:\/\/www.aadip.org.ar\/web\/wp-content\/uploads\/2020\/09\/3.jpg\"  title=\"2\u00b0 Reuni\u00f3n YP-Com del R\u00edo de la Plata (Bah\u00eda Blanca, 2016) 30 JJPP de Argentina, Brasil, Chile, Francia y Uruguay fueron patrocinados\"  data-width=\"945\"  data-height=\"531\" ><\/div><div class=\"rbs-img-data-popup\"  data-popup=\"http:\/\/www.aadip.org.ar\/web\/wp-content\/uploads\/2020\/09\/3.jpg\"  title=\"2\u00b0 Reuni\u00f3n YP-Com del R\u00edo de la Plata (Bah\u00eda Blanca, 2016) 30 JJPP de Argentina, Brasil, Chile, Francia y Uruguay fueron patrocinados\" ><\/div><div class=\"thumbnail-overlay\"><div class=\"rbsTitle \">2\u00b0 Reuni\u00f3n YP-Com del R\u00edo de la Plata (Bah\u00eda Blanca, 2016) 30 JJPP de Argentina, Brasil, Chile, Francia y Uruguay fueron patrocinados<\/div><\/div><\/div><\/div><div class=\"rbs-img  category17950 \" ><div class=\"rbs-img-image   rbs-lightbox \" ><div class=\"rbs-img-thumbs\"  data-thumbnail=\"http:\/\/www.aadip.org.ar\/web\/wp-content\/uploads\/2020\/09\/4.jpg\"  title=\"30 JJPP de Argentina, Brasil, Chile, Francia y Uruguay fueron patrocinados\"  data-width=\"1116\"  data-height=\"744\" ><\/div><div class=\"rbs-img-data-popup\"  data-popup=\"http:\/\/www.aadip.org.ar\/web\/wp-content\/uploads\/2020\/09\/4.jpg\"  title=\"30 JJPP de Argentina, Brasil, Chile, Francia y Uruguay fueron patrocinados\" ><\/div><div class=\"thumbnail-overlay\"><div class=\"rbsTitle \">30 JJPP de Argentina, Brasil, Chile, Francia y Uruguay fueron patrocinados<\/div><\/div><\/div><\/div><div class=\"rbs-img  category17950 \" ><div class=\"rbs-img-image   rbs-lightbox \" ><div class=\"rbs-img-thumbs\"  data-thumbnail=\"http:\/\/www.aadip.org.ar\/web\/wp-content\/uploads\/2020\/09\/5.jpg\"  title=\"2\u00b0 Reuni\u00f3n YP-Com del R\u00edo de la Plata (Bah\u00eda Blanca, 2016)\"  data-width=\"992\"  data-height=\"622\" ><\/div><div class=\"rbs-img-data-popup\"  data-popup=\"http:\/\/www.aadip.org.ar\/web\/wp-content\/uploads\/2020\/09\/5.jpg\"  title=\"2\u00b0 Reuni\u00f3n YP-Com del R\u00edo de la Plata (Bah\u00eda Blanca, 2016)\" ><\/div><div class=\"thumbnail-overlay\"><div class=\"rbsTitle \">2\u00b0 Reuni\u00f3n YP-Com del R\u00edo de la Plata (Bah\u00eda Blanca, 2016)<\/div><\/div><\/div><\/div><div class=\"rbs-img  category17950 \" ><div class=\"rbs-img-image   rbs-lightbox \" ><div class=\"rbs-img-thumbs\"  data-thumbnail=\"http:\/\/www.aadip.org.ar\/web\/wp-content\/uploads\/2020\/09\/6.jpg\"  title=\"2\u00b0 Reuni\u00f3n YP-Com del R\u00edo de la Plata (Bah\u00eda Blanca, 2016)\"  data-width=\"964\"  data-height=\"459\" ><\/div><div class=\"rbs-img-data-popup\"  data-popup=\"http:\/\/www.aadip.org.ar\/web\/wp-content\/uploads\/2020\/09\/6.jpg\"  title=\"2\u00b0 Reuni\u00f3n YP-Com del R\u00edo de la Plata (Bah\u00eda Blanca, 2016)\" ><\/div><div class=\"thumbnail-overlay\"><div class=\"rbsTitle \">2\u00b0 Reuni\u00f3n YP-Com del R\u00edo de la Plata (Bah\u00eda Blanca, 2016)<\/div><\/div><\/div><\/div><div class=\"rbs-img  category17950 \" ><div class=\"rbs-img-image   rbs-lightbox \" ><div class=\"rbs-img-thumbs\"  data-thumbnail=\"http:\/\/www.aadip.org.ar\/web\/wp-content\/uploads\/2020\/09\/7.jpg\"  title=\"2\u00b0 Reuni\u00f3n YP-Com del R\u00edo de la Plata (Bah\u00eda Blanca, 2016)\"  data-width=\"1232\"  data-height=\"816\" ><\/div><div class=\"rbs-img-data-popup\"  data-popup=\"http:\/\/www.aadip.org.ar\/web\/wp-content\/uploads\/2020\/09\/7.jpg\"  title=\"2\u00b0 Reuni\u00f3n YP-Com del R\u00edo de la Plata (Bah\u00eda Blanca, 2016)\" ><\/div><div class=\"thumbnail-overlay\"><div class=\"rbsTitle \">2\u00b0 Reuni\u00f3n YP-Com del R\u00edo de la Plata (Bah\u00eda Blanca, 2016)<\/div><\/div><\/div><\/div><div class=\"rbs-img  category17950 \" ><div class=\"rbs-img-image   rbs-lightbox \" ><div class=\"rbs-img-thumbs\"  data-thumbnail=\"http:\/\/www.aadip.org.ar\/web\/wp-content\/uploads\/2020\/09\/8.jpg\"  title=\"3\u00b0 Reuni\u00f3n YP-Com de America del Sur y el R\u00edo de la Plata (San Antonio, 2017)\"  data-width=\"1175\"  data-height=\"779\" ><\/div><div class=\"rbs-img-data-popup\"  data-popup=\"http:\/\/www.aadip.org.ar\/web\/wp-content\/uploads\/2020\/09\/8.jpg\"  title=\"3\u00b0 Reuni\u00f3n YP-Com de America del Sur y el R\u00edo de la Plata (San Antonio, 2017)\" ><\/div><div class=\"thumbnail-overlay\"><div class=\"rbsTitle \">3\u00b0 Reuni\u00f3n YP-Com de America del Sur y el R\u00edo de la Plata (San Antonio, 2017)<\/div><\/div><\/div><\/div><div class=\"rbs-img  category17950 \" ><div class=\"rbs-img-image   rbs-lightbox \" ><div class=\"rbs-img-thumbs\"  data-thumbnail=\"http:\/\/www.aadip.org.ar\/web\/wp-content\/uploads\/2020\/09\/9.jpg\"  title=\"3\u00b0 Reuni\u00f3n YP-Com de America del Sur y el R\u00edo de la Plata (San Antonio, 2017)\"  data-width=\"1280\"  data-height=\"722\" ><\/div><div class=\"rbs-img-data-popup\"  data-popup=\"http:\/\/www.aadip.org.ar\/web\/wp-content\/uploads\/2020\/09\/9.jpg\"  title=\"3\u00b0 Reuni\u00f3n YP-Com de America del Sur y el R\u00edo de la Plata (San Antonio, 2017)\" ><\/div><div class=\"thumbnail-overlay\"><div class=\"rbsTitle \">3\u00b0 Reuni\u00f3n YP-Com de America del Sur y el R\u00edo de la Plata (San Antonio, 2017)<\/div><\/div><\/div><\/div><div class=\"rbs-img  category17950 \" ><div class=\"rbs-img-image   rbs-lightbox \" ><div class=\"rbs-img-thumbs\"  data-thumbnail=\"http:\/\/www.aadip.org.ar\/web\/wp-content\/uploads\/2020\/09\/10.jpg\"  title=\"Jornadas de J\u00f3venes Profesionales PIANC Argentina Regi\u00f3n Centro \u2013 Visita T\u00e9cnica: Exolgan (Dock Sud, 2017)\"  data-width=\"945\"  data-height=\"600\" ><\/div><div class=\"rbs-img-data-popup\"  data-popup=\"http:\/\/www.aadip.org.ar\/web\/wp-content\/uploads\/2020\/09\/10.jpg\"  title=\"Jornadas de J\u00f3venes Profesionales PIANC Argentina Regi\u00f3n Centro \u2013 Visita T\u00e9cnica: Exolgan (Dock Sud, 2017)\" ><\/div><div class=\"thumbnail-overlay\"><div class=\"rbsTitle \">Jornadas de J\u00f3venes Profesionales PIANC Argentina Regi\u00f3n Centro \u2013 Visita T\u00e9cnica: Exolgan (Dock Sud, 2017)<\/div><\/div><\/div><\/div><div class=\"rbs-img  category17950 \" ><div class=\"rbs-img-image   rbs-lightbox \" ><div class=\"rbs-img-thumbs\"  data-thumbnail=\"http:\/\/www.aadip.org.ar\/web\/wp-content\/uploads\/2020\/09\/11.jpg\"  title=\"Jornadas de J\u00f3venes Profesionales PIANC Argentina Regi\u00f3n Litoral Fluvial \u2013 Visita T\u00e9cnica: Puerto de Santa Fe (Santa Fe, 2017)\"  data-width=\"1299\"  data-height=\"974\" ><\/div><div class=\"rbs-img-data-popup\"  data-popup=\"http:\/\/www.aadip.org.ar\/web\/wp-content\/uploads\/2020\/09\/11.jpg\"  title=\"Jornadas de J\u00f3venes Profesionales PIANC Argentina Regi\u00f3n Litoral Fluvial \u2013 Visita T\u00e9cnica: Puerto de Santa Fe (Santa Fe, 2017)\" ><\/div><div class=\"thumbnail-overlay\"><div class=\"rbsTitle \">Jornadas de J\u00f3venes Profesionales PIANC Argentina Regi\u00f3n Litoral Fluvial \u2013 Visita T\u00e9cnica: Puerto de Santa Fe (Santa Fe, 2017)<\/div><\/div><\/div><\/div><div class=\"rbs-img  category17950 \" ><div class=\"rbs-img-image   rbs-lightbox \" ><div class=\"rbs-img-thumbs\"  data-thumbnail=\"http:\/\/www.aadip.org.ar\/web\/wp-content\/uploads\/2020\/09\/12.jpg\"  title=\"Jornadas de J\u00f3venes Profesionales PIANC Argentina Regi\u00f3n Litoral Fluvial \u2013 Visita T\u00e9cnica: Puerto de Barranqueras (Barranqueras, 2018)\"  data-width=\"1280\"  data-height=\"853\" ><\/div><div class=\"rbs-img-data-popup\"  data-popup=\"http:\/\/www.aadip.org.ar\/web\/wp-content\/uploads\/2020\/09\/12.jpg\"  title=\"Jornadas de J\u00f3venes Profesionales PIANC Argentina Regi\u00f3n Litoral Fluvial \u2013 Visita T\u00e9cnica: Puerto de Barranqueras (Barranqueras, 2018)\" ><\/div><div class=\"thumbnail-overlay\"><div class=\"rbsTitle \">Jornadas de J\u00f3venes Profesionales PIANC Argentina Regi\u00f3n Litoral Fluvial \u2013 Visita T\u00e9cnica: Puerto de Barranqueras (Barranqueras, 2018)<\/div><\/div><\/div><\/div><div class=\"rbs-img  category17950 \" ><div class=\"rbs-img-image   rbs-lightbox \" ><div class=\"rbs-img-thumbs\"  data-thumbnail=\"http:\/\/www.aadip.org.ar\/web\/wp-content\/uploads\/2020\/09\/13.jpg\"  title=\"Jornadas de J\u00f3venes Profesionales PIANC Argentina Regi\u00f3n Litoral Fluvial \u2013 Visita T\u00e9cnica: Puerto de Barranqueras (Barranqueras, 2018)\"  data-width=\"1300\"  data-height=\"974\" ><\/div><div class=\"rbs-img-data-popup\"  data-popup=\"http:\/\/www.aadip.org.ar\/web\/wp-content\/uploads\/2020\/09\/13.jpg\"  title=\"Jornadas de J\u00f3venes Profesionales PIANC Argentina Regi\u00f3n Litoral Fluvial \u2013 Visita T\u00e9cnica: Puerto de Barranqueras (Barranqueras, 2018)\" ><\/div><div class=\"thumbnail-overlay\"><div class=\"rbsTitle \">Jornadas de J\u00f3venes Profesionales PIANC Argentina Regi\u00f3n Litoral Fluvial \u2013 Visita T\u00e9cnica: Puerto de Barranqueras (Barranqueras, 2018)<\/div><\/div><\/div><\/div><div class=\"rbs-img  category17950 \" ><div class=\"rbs-img-image   rbs-lightbox \" ><div class=\"rbs-img-thumbs\"  data-thumbnail=\"http:\/\/www.aadip.org.ar\/web\/wp-content\/uploads\/2020\/09\/14.jpg\"  title=\"Jornadas de J\u00f3venes Profesionales PIANC Argentina Regi\u00f3n Litoral Fluvial \u2013 Visita T\u00e9cnica: Puerto de Barranqueras (Barranqueras, 2018)\"  data-width=\"1040\"  data-height=\"780\" ><\/div><div class=\"rbs-img-data-popup\"  data-popup=\"http:\/\/www.aadip.org.ar\/web\/wp-content\/uploads\/2020\/09\/14.jpg\"  title=\"Jornadas de J\u00f3venes Profesionales PIANC Argentina Regi\u00f3n Litoral Fluvial \u2013 Visita T\u00e9cnica: Puerto de Barranqueras (Barranqueras, 2018)\" ><\/div><div class=\"thumbnail-overlay\"><div class=\"rbsTitle \">Jornadas de J\u00f3venes Profesionales PIANC Argentina Regi\u00f3n Litoral Fluvial \u2013 Visita T\u00e9cnica: Puerto de Barranqueras (Barranqueras, 2018)<\/div><\/div><\/div><\/div><div class=\"rbs-img  category17950 \" ><div class=\"rbs-img-image   rbs-lightbox \" ><div class=\"rbs-img-thumbs\"  data-thumbnail=\"http:\/\/www.aadip.org.ar\/web\/wp-content\/uploads\/2020\/09\/15.jpg\"  title=\"Jornadas de J\u00f3venes Profesionales PIANC Argentina Regi\u00f3n Litoral Mar\u00edtimo \u2013 Visita T\u00e9cnica: Puerto de Puerto Madryn (Puerto Madryn, 2018)\"  data-width=\"1300\"  data-height=\"974\" ><\/div><div class=\"rbs-img-data-popup\"  data-popup=\"http:\/\/www.aadip.org.ar\/web\/wp-content\/uploads\/2020\/09\/15.jpg\"  title=\"Jornadas de J\u00f3venes Profesionales PIANC Argentina Regi\u00f3n Litoral Mar\u00edtimo \u2013 Visita T\u00e9cnica: Puerto de Puerto Madryn (Puerto Madryn, 2018)\" ><\/div><div class=\"thumbnail-overlay\"><div class=\"rbsTitle \">Jornadas de J\u00f3venes Profesionales PIANC Argentina Regi\u00f3n Litoral Mar\u00edtimo \u2013 Visita T\u00e9cnica: Puerto de Puerto Madryn (Puerto Madryn, 2018)<\/div><\/div><\/div><\/div><div class=\"rbs-img  category17950 \" ><div class=\"rbs-img-image   rbs-lightbox \" ><div class=\"rbs-img-thumbs\"  data-thumbnail=\"http:\/\/www.aadip.org.ar\/web\/wp-content\/uploads\/2020\/09\/16.jpg\"  title=\"Jornadas de J\u00f3venes Profesionales PIANC Argentina Regi\u00f3n Litoral Mar\u00edtimo \u2013 Visita T\u00e9cnica: Puerto de Puerto Madryn (Puerto Madryn, 2018)\"  data-width=\"1299\"  data-height=\"589\" ><\/div><div class=\"rbs-img-data-popup\"  data-popup=\"http:\/\/www.aadip.org.ar\/web\/wp-content\/uploads\/2020\/09\/16.jpg\"  title=\"Jornadas de J\u00f3venes Profesionales PIANC Argentina Regi\u00f3n Litoral Mar\u00edtimo \u2013 Visita T\u00e9cnica: Puerto de Puerto Madryn (Puerto Madryn, 2018)\" ><\/div><div class=\"thumbnail-overlay\"><div class=\"rbsTitle \">Jornadas de J\u00f3venes Profesionales PIANC Argentina Regi\u00f3n Litoral Mar\u00edtimo \u2013 Visita T\u00e9cnica: Puerto de Puerto Madryn (Puerto Madryn, 2018)<\/div><\/div><\/div><\/div><div class=\"rbs-img  category17950 \" ><div class=\"rbs-img-image   rbs-lightbox \" ><div class=\"rbs-img-thumbs\"  data-thumbnail=\"http:\/\/www.aadip.org.ar\/web\/wp-content\/uploads\/2020\/09\/17.jpg\"  title=\"Seminario t\u00e9cnico \u201cDise\u00f1o de defensas\u201d (Buenos Aires, 2018) Patrocinado por Trelleborg\"  data-width=\"1069\"  data-height=\"602\" ><\/div><div class=\"rbs-img-data-popup\"  data-popup=\"http:\/\/www.aadip.org.ar\/web\/wp-content\/uploads\/2020\/09\/17.jpg\"  title=\"Seminario t\u00e9cnico \u201cDise\u00f1o de defensas\u201d (Buenos Aires, 2018) Patrocinado por Trelleborg\" ><\/div><div class=\"thumbnail-overlay\"><div class=\"rbsTitle \">Seminario t\u00e9cnico \u201cDise\u00f1o de defensas\u201d (Buenos Aires, 2018) Patrocinado por Trelleborg<\/div><\/div><\/div><\/div><div class=\"rbs-img  category17950 \" ><div class=\"rbs-img-image   rbs-lightbox \" ><div class=\"rbs-img-thumbs\"  data-thumbnail=\"http:\/\/www.aadip.org.ar\/web\/wp-content\/uploads\/2020\/09\/18.jpg\"  title=\"Seminario t\u00e9cnico \u201cSistemas de defensas y equipamiento portuario\u201d (Buenos Aires, 2019) Patrocinado por Shibata Fender Team\"  data-width=\"953\"  data-height=\"715\" ><\/div><div class=\"rbs-img-data-popup\"  data-popup=\"http:\/\/www.aadip.org.ar\/web\/wp-content\/uploads\/2020\/09\/18.jpg\"  title=\"Seminario t\u00e9cnico \u201cSistemas de defensas y equipamiento portuario\u201d (Buenos Aires, 2019) Patrocinado por Shibata Fender Team\" ><\/div><div class=\"thumbnail-overlay\"><div class=\"rbsTitle \">Seminario t\u00e9cnico \u201cSistemas de defensas y equipamiento portuario\u201d (Buenos Aires, 2019) Patrocinado por Shibata Fender Team<\/div><\/div><\/div><\/div><div class=\"rbs-img  category17950 \" ><div class=\"rbs-img-image   rbs-lightbox \" ><div class=\"rbs-img-thumbs\"  data-thumbnail=\"http:\/\/www.aadip.org.ar\/web\/wp-content\/uploads\/2020\/09\/19.jpg\"  title=\"Programa de apoyo a JJPP: Pago del viaje del Ing. Juan Martin Rodriguez Ortega para su participaci\u00f3n en la 6ta Visita T\u00e9cnica Bianual en Australia de PIANC YP-Com durante el a\u00f1o 2017\"  data-width=\"832\"  data-height=\"624\" ><\/div><div class=\"rbs-img-data-popup\"  data-popup=\"http:\/\/www.aadip.org.ar\/web\/wp-content\/uploads\/2020\/09\/19.jpg\"  title=\"Programa de apoyo a JJPP: Pago del viaje del Ing. Juan Martin Rodriguez Ortega para su participaci\u00f3n en la 6ta Visita T\u00e9cnica Bianual en Australia de PIANC YP-Com durante el a\u00f1o 2017\" ><\/div><div class=\"thumbnail-overlay\"><div class=\"rbsTitle \">Programa de apoyo a JJPP: Pago del viaje del Ing. Juan Martin Rodriguez Ortega para su participaci\u00f3n en la 6ta Visita T\u00e9cnica Bianual en Australia de PIANC YP-Com durante el a\u00f1o 2017<\/div><\/div><\/div><\/div><div class=\"rbs-img  category17950 \" ><div class=\"rbs-img-image   rbs-lightbox \" ><div class=\"rbs-img-thumbs\"  data-thumbnail=\"http:\/\/www.aadip.org.ar\/web\/wp-content\/uploads\/2020\/09\/20.jpg\"  title=\"Programa de apoyo a JJPP: Apoyo para el viaje a Chile a participar de la 3ras reuni\u00f3n de Am\u00e9rica del Sur y del R\u00edo de la Plata YP- Com PIANC de 6 J\u00f3venes profesionales en diciembre de 2017\"  data-width=\"1280\"  data-height=\"722\" ><\/div><div class=\"rbs-img-data-popup\"  data-popup=\"http:\/\/www.aadip.org.ar\/web\/wp-content\/uploads\/2020\/09\/20.jpg\"  title=\"Programa de apoyo a JJPP: Apoyo para el viaje a Chile a participar de la 3ras reuni\u00f3n de Am\u00e9rica del Sur y del R\u00edo de la Plata YP- Com PIANC de 6 J\u00f3venes profesionales en diciembre de 2017\" ><\/div><div class=\"thumbnail-overlay\"><div class=\"rbsTitle \">Programa de apoyo a JJPP: Apoyo para el viaje a Chile a participar de la 3ras reuni\u00f3n de Am\u00e9rica del Sur y del R\u00edo de la Plata YP- Com PIANC de 6 J\u00f3venes profesionales en diciembre de 2017<\/div><\/div><\/div><\/div><div class=\"rbs-img  category17950 \" ><div class=\"rbs-img-image   rbs-lightbox \" ><div class=\"rbs-img-thumbs\"  data-thumbnail=\"http:\/\/www.aadip.org.ar\/web\/wp-content\/uploads\/2020\/09\/21.jpg\"  title=\"Programa de apoyo a JJPP: Pr\u00e9stamo de Honor al Ing. Sebastian Iglesias para la realizaci\u00f3n de su Maestr\u00eda en Ingenier\u00eda Hidr\u00e1ulica en la Universidad Tecnol\u00f3gica de Delft ( TU Delft) en Holanda, 2019-2021.\"  data-width=\"1299\"  data-height=\"431\" ><\/div><div class=\"rbs-img-data-popup\"  data-popup=\"http:\/\/www.aadip.org.ar\/web\/wp-content\/uploads\/2020\/09\/21.jpg\"  title=\"Programa de apoyo a JJPP: Pr\u00e9stamo de Honor al Ing. Sebastian Iglesias para la realizaci\u00f3n de su Maestr\u00eda en Ingenier\u00eda Hidr\u00e1ulica en la Universidad Tecnol\u00f3gica de Delft ( TU Delft) en Holanda, 2019-2021.\" ><\/div><div class=\"thumbnail-overlay\"><div class=\"rbsTitle \">Programa de apoyo a JJPP: Pr\u00e9stamo de Honor al Ing. Sebastian Iglesias para la realizaci\u00f3n de su Maestr\u00eda en Ingenier\u00eda Hidr\u00e1ulica en la Universidad Tecnol\u00f3gica de Delft ( TU Delft) en Holanda, 2019-2021.<\/div><\/div><\/div><\/div><div class=\"rbs-img  category17950 \" ><div class=\"rbs-img-image   rbs-lightbox \" ><div class=\"rbs-img-thumbs\"  data-thumbnail=\"http:\/\/www.aadip.org.ar\/web\/wp-content\/uploads\/2020\/09\/22.jpg\"  title=\"Junta Directiva YP PIANC AR 2020-2021.\"  data-width=\"1152\"  data-height=\"576\" ><\/div><div class=\"rbs-img-data-popup\"  data-popup=\"http:\/\/www.aadip.org.ar\/web\/wp-content\/uploads\/2020\/09\/22.jpg\"  title=\"Junta Directiva YP PIANC AR 2020-2021.\" ><\/div><div class=\"thumbnail-overlay\"><div class=\"rbsTitle \">Junta Directiva YP PIANC AR 2020-2021.<\/div><\/div><\/div><\/div><div class=\"rbs-img  category17950 \" ><div class=\"rbs-img-image   rbs-lightbox \" ><div class=\"rbs-img-thumbs\"  data-thumbnail=\"http:\/\/www.aadip.org.ar\/web\/wp-content\/uploads\/2020\/09\/23.jpg\"  title=\"YP PIANC AR (Buenos Aires, 2012)\"  data-width=\"1301\"  data-height=\"976\" ><\/div><div class=\"rbs-img-data-popup\"  data-popup=\"http:\/\/www.aadip.org.ar\/web\/wp-content\/uploads\/2020\/09\/23.jpg\"  title=\"YP PIANC AR (Buenos Aires, 2012)\" ><\/div><div class=\"thumbnail-overlay\"><div class=\"rbsTitle \">YP PIANC AR (Buenos Aires, 2012)<\/div><\/div><\/div><\/div><div class=\"rbs-img  category17950 \" ><div class=\"rbs-img-image   rbs-lightbox \" ><div class=\"rbs-img-thumbs\"  data-thumbnail=\"http:\/\/www.aadip.org.ar\/web\/wp-content\/uploads\/2020\/09\/24.jpg\"  title=\"Participaci\u00f3n de J\u00f3venes Profesionales en Dredging Conference,: I-D Marcos De Vincenzi, Leandro Kazimierski, Mart\u00edn Civeira, Miguel Schnegelberger entre otros (San Diego, USA, 2012)\"  data-width=\"1014\"  data-height=\"761\" ><\/div><div class=\"rbs-img-data-popup\"  data-popup=\"http:\/\/www.aadip.org.ar\/web\/wp-content\/uploads\/2020\/09\/24.jpg\"  title=\"Participaci\u00f3n de J\u00f3venes Profesionales en Dredging Conference,: I-D Marcos De Vincenzi, Leandro Kazimierski, Mart\u00edn Civeira, Miguel Schnegelberger entre otros (San Diego, USA, 2012)\" ><\/div><div class=\"thumbnail-overlay\"><div class=\"rbsTitle \">Participaci\u00f3n de J\u00f3venes Profesionales en Dredging Conference,: I-D Marcos De Vincenzi, Leandro Kazimierski, Mart\u00edn Civeira, Miguel Schnegelberger entre otros (San Diego, USA, 2012)<\/div><\/div><\/div><\/div><div class=\"rbs-img  category17950 \" ><div class=\"rbs-img-image   rbs-lightbox \" ><div class=\"rbs-img-thumbs\"  data-thumbnail=\"http:\/\/www.aadip.org.ar\/web\/wp-content\/uploads\/2020\/09\/25.jpg\"  title=\"YP PIANC AR en la 4ta Visita T\u00e9cnica Bianual de YP-Com (4th PIANC YP-Com BTV) Recepci\u00f3n. Pitton Strafce, Sendra, Weyland, De Vincenzi y Arecco (Panama, 2013)\"  data-width=\"1251\"  data-height=\"938\" ><\/div><div class=\"rbs-img-data-popup\"  data-popup=\"http:\/\/www.aadip.org.ar\/web\/wp-content\/uploads\/2020\/09\/25.jpg\"  title=\"YP PIANC AR en la 4ta Visita T\u00e9cnica Bianual de YP-Com (4th PIANC YP-Com BTV) Recepci\u00f3n. Pitton Strafce, Sendra, Weyland, De Vincenzi y Arecco (Panama, 2013)\" ><\/div><div class=\"thumbnail-overlay\"><div class=\"rbsTitle \">YP PIANC AR en la 4ta Visita T\u00e9cnica Bianual de YP-Com (4th PIANC YP-Com BTV) Recepci\u00f3n. Pitton Strafce, Sendra, Weyland, De Vincenzi y Arecco (Panama, 2013)<\/div><\/div><\/div><\/div><\/div><\/div><\/div><script>var rbs_gallery_69f1ca1157aed = {\"version\":\"5.1.4\",\"id\":17950,\"class\":\"id17950\",\"roboGalleryDelay\":1000,\"mainContainer\":\"#robo_gallery_main_block_rbs_gallery_69f1ca1157aed\",\"loadingContainer\":\"#rbs_gallery_69f1ca1157aed-block-loader\",\"loadingContainerObj\":\"rbs_gallery_69f1ca1157aed-block-loader\",\"columnWidth\":\"auto\",\"columns\":3,\"resolutions\":[{\"columnWidth\":\"auto\",\"columns\":3,\"maxWidth\":960},{\"columnWidth\":\"auto\",\"columns\":2,\"maxWidth\":650},{\"columnWidth\":\"auto\",\"columns\":1,\"maxWidth\":450}],\"lightboxOptions\":{\"gallery\":{\"enabled\":true,\"tCounter\":\"%curr% of %total%\"}},\"overlayEffect\":\"direction-aware\",\"boxesToLoadStart\":13,\"boxesToLoad\":13,\"LoadingWord\":\"Loading...\",\"loadMoreWord\":\"Load More\",\"noMoreEntriesWord\":\"No More Entries\",\"horizontalSpaceBetweenBoxes\":15,\"verticalSpaceBetweenBoxes\":15,\"lazyLoad\":1,\"noHoverOnMobile\":\"false\",\"wrapContainer\":\"#robo-gallery-wrap-rbs_gallery_69f1ca1157aed\",\"filterContainer\":\"#rbs_gallery_69f1ca1157aedfilter\",\"loadMoreClass\":\"button-flat-primary \"};<\/script><br \/>\n[\/vc_column_text][\/vc_column][\/vc_row]<\/p>\n","protected":false},"excerpt":{"rendered":"<p>[vc_row row_type=\u00bbrow\u00bb use_row_as_full_screen_section=\u00bbno\u00bb type=\u00bbfull_width\u00bb angled_section=\u00bbno\u00bb text_align=\u00bbleft\u00bb background_image_as_pattern=\u00bbwithout_pattern\u00bb css_animation=\u00bb\u00bb][vc_column][vc_column_text]La comisi\u00f3n YP PIANC AR tiene dentro de sus objetivos organizar anualmente una actividad exclusiva de j\u00f3venes profesionales en la regi\u00f3n Centro y otra de alcance local en el Litoral Mar\u00edtimo o Fluvial argentino. C\u00f3mo as\u00ed tambi\u00e9n impulsa&#8230;<\/p>\n","protected":false},"author":1,"featured_media":0,"parent":0,"menu_order":0,"comment_status":"closed","ping_status":"closed","template":"","meta":{"footnotes":""},"class_list":["post-17922","page","type-page","status-publish","hentry"],"_links":{"self":[{"href":"http:\/\/www.aadip.org.ar\/web\/wp-json\/wp\/v2\/pages\/17922","targetHints":{"allow":["GET"]}}],"collection":[{"href":"http:\/\/www.aadip.org.ar\/web\/wp-json\/wp\/v2\/pages"}],"about":[{"href":"http:\/\/www.aadip.org.ar\/web\/wp-json\/wp\/v2\/types\/page"}],"author":[{"embeddable":true,"href":"http:\/\/www.aadip.org.ar\/web\/wp-json\/wp\/v2\/users\/1"}],"replies":[{"embeddable":true,"href":"http:\/\/www.aadip.org.ar\/web\/wp-json\/wp\/v2\/comments?post=17922"}],"version-history":[{"count":23,"href":"http:\/\/www.aadip.org.ar\/web\/wp-json\/wp\/v2\/pages\/17922\/revisions"}],"predecessor-version":[{"id":17980,"href":"http:\/\/www.aadip.org.ar\/web\/wp-json\/wp\/v2\/pages\/17922\/revisions\/17980"}],"wp:attachment":[{"href":"http:\/\/www.aadip.org.ar\/web\/wp-json\/wp\/v2\/media?parent=17922"}],"curies":[{"name":"wp","href":"https:\/\/api.w.org\/{rel}","templated":true}]}}